{"id":2954,"date":"2025-11-30T03:04:39","date_gmt":"2025-11-30T02:04:39","guid":{"rendered":"https:\/\/ejendom.me\/near-me\/-\/-\/via-university-college-campus-aarhus-c\/"},"modified":"2026-02-24T18:38:04","modified_gmt":"2026-02-24T17:38:04","slug":"via-university-college-campus-aarhus-c","status":"publish","type":"listing","link":"https:\/\/ejendom.me\/en\/near-me\/bygningskonstruktoer\/jylland\/via-university-college-campus-aarhus-c\/","title":{"rendered":"VIA University College &#8211; Campus Aarhus C"},"content":{"rendered":"<div>\n<div class=\"prose dark:prose-invert inline leading-relaxed break-words min-w-0 [word-break:break-word] prose-strong:font-bold [&amp;_&gt;*:first-child]:mt-0 [&amp;_&gt;*:last-child]:mb-0\">\n<h2 id=\"danmarks-strste-professionshjskole--uddannelse-der\" class=\"mb-2 mt-4 [.has-inline-images_&amp;]:clear-end font-editorial font-bold text-lg first:mt-0 md:text-lg [hr+&amp;]:mt-4\"><span style=\"font-size: 24px;\">Danmarks st\u00f8rste professionsh\u00f8jskole \u2013 uddannelse, der virker fra dag<\/span><\/h2>\n<p class=\"my-2 [&amp;+p]:mt-4 [&amp;_strong:has(+br)]:inline-block [&amp;_strong:has(+br)]:pb-2\"><strong>Mangel p\u00e5 kvalificeret arbejdskraft<\/strong> er en af de mest presserende udfordringer for organisationer i hele Midtjylland. Hvad enten du s\u00f8ger efter en <strong>nyuddannet professionsbachelor<\/strong> der kan g\u00e5 direkte til opgaven \u2013 eller har brug for at <strong>l\u00f8fte dine medarbejderes kompetencer<\/strong> med en skr\u00e6ddersyet diplomuddannelse \u2013 er VIA University College din st\u00e6rkeste partner.<\/p>\n<h3 id=\"via-university-college--nordens-frende-professions\" class=\"mb-2 mt-4 [.has-inline-images_&amp;]:clear-end font-editorial font-bold text-base first:mt-0\">VIA University College \u2013 Nordens f\u00f8rende professionsh\u00f8jskole<\/h3>\n<p class=\"my-2 [&amp;+p]:mt-4 [&amp;_strong:has(+br)]:inline-block [&amp;_strong:has(+br)]:pb-2\">VIA University College er en af Danmarks otte professionsh\u00f8jskoler og den absolut st\u00f8rste m\u00e5lt p\u00e5 bachelorsoptag. Med mere end <strong>20.000 studerende<\/strong>, <strong>42 videreg\u00e5ende uddannelser<\/strong> og <strong>otte campusser<\/strong> fordelt p\u00e5 syv byer i Region Midtjylland er VIA en institution, der uddanner til hele det midtjyske arbejdsmarked \u2013 og langt ud over det. VIA er desuden <strong>Danmarks eneste akkrediterede institution<\/strong> af Chartered Institute of Architectural Technologists (CIAT) og indehaver af et <strong>ERASMUS+-charter<\/strong>, ligesom VIA er optaget som medlem af <strong>European Association for Quality Assurance in Higher Education (ENQA)<\/strong>.<\/p>\n<p class=\"my-2 [&amp;+p]:mt-4 [&amp;_strong:has(+br)]:inline-block [&amp;_strong:has(+br)]:pb-2\">VIA blev etableret i 2008, har hoveds\u00e6de p\u00e5 Hedeager 2 i Aarhus N og genererer en <strong>\u00e5rlig oms\u00e6tning p\u00e5 1,6 mia. kr.<\/strong>. Med over 2.000 medarbejdere og et undervisningskorps best\u00e5ende af Danmarks mest kompetente fagfolk inden for sundhed, p\u00e6dagogik, teknik og erhverv er VIA en tung akt\u00f8r i det danske uddannelseslandskab.<\/p>\n<hr \/>\n<h3 id=\"fra-uddannelsesbehov-til-lsning\" class=\"mb-2 mt-4 [.has-inline-images_&amp;]:clear-end font-editorial font-bold text-base first:mt-0\">Fra uddannelsesbehov til l\u00f8sning<\/h3>\n<p class=\"my-2 [&amp;+p]:mt-4 [&amp;_strong:has(+br)]:inline-block [&amp;_strong:has(+br)]:pb-2\">Arbejdsgiversiden \u2013 uanset om du er kommunaldirekt\u00f8r, HR-chef, driftsleder eller privat virksomhedsejer \u2013 st\u00e5r typisk med disse udfordringer:<\/p>\n<ul class=\"marker:text-quiet list-disc\">\n<li class=\"py-0 my-0 prose-p:pt-0 prose-p:mb-2 prose-p:my-0 [&amp;&gt;p]:pt-0 [&amp;&gt;p]:mb-2 [&amp;&gt;p]:my-0\">\n<p class=\"my-2 [&amp;+p]:mt-4 [&amp;_strong:has(+br)]:inline-block [&amp;_strong:has(+br)]:pb-2\"><strong>Rekrutteringsudfordringer:<\/strong> Sv\u00e6rt at finde nyuddannede kandidater med den rette professionsfaglighed og praksiserfaring<\/p>\n<\/li>\n<li class=\"py-0 my-0 prose-p:pt-0 prose-p:mb-2 prose-p:my-0 [&amp;&gt;p]:pt-0 [&amp;&gt;p]:mb-2 [&amp;&gt;p]:my-0\">\n<p class=\"my-2 [&amp;+p]:mt-4 [&amp;_strong:has(+br)]:inline-block [&amp;_strong:has(+br)]:pb-2\"><strong>Kompetencegab i organisationen:<\/strong> Medarbejdere der ikke f\u00f8lger med i ny lovgivning, nye metoder eller nye teknologier<\/p>\n<\/li>\n<li class=\"py-0 my-0 prose-p:pt-0 prose-p:mb-2 prose-p:my-0 [&amp;&gt;p]:pt-0 [&amp;&gt;p]:mb-2 [&amp;&gt;p]:my-0\">\n<p class=\"my-2 [&amp;+p]:mt-4 [&amp;_strong:has(+br)]:inline-block [&amp;_strong:has(+br)]:pb-2\"><strong>Manglende strategisk kapacitet:<\/strong> Ledere og specialister der har brug for et fagligt l\u00f8ft p\u00e5 diplom- eller masterniveau, men ikke kan forlade arbejdspladsen i \u00e5revis<\/p>\n<\/li>\n<\/ul>\n<p class=\"my-2 [&amp;+p]:mt-4 [&amp;_strong:has(+br)]:inline-block [&amp;_strong:has(+br)]:pb-2\">VIA l\u00f8ser netop disse udfordringer \u2013 b\u00e5de ved at levere <strong>praktikparate kandidater<\/strong> med dyb faglig viden og ved at tilbyde <strong>skr\u00e6ddersyet kompetenceudvikling<\/strong>, der er tilpasset din organisations konkrete m\u00e5l, medarbejdergrupper og strategiske retning.<\/p>\n<hr \/>\n<h3 id=\"kerneydelser-med-vrdifokus\" class=\"mb-2 mt-4 [.has-inline-images_&amp;]:clear-end font-editorial font-bold text-base first:mt-0\">Kerneydelser med v\u00e6rdifokus<\/h3>\n<ul class=\"marker:text-quiet list-disc\">\n<li class=\"py-0 my-0 prose-p:pt-0 prose-p:mb-2 prose-p:my-0 [&amp;&gt;p]:pt-0 [&amp;&gt;p]:mb-2 [&amp;&gt;p]:my-0\">\n<p class=\"my-2 [&amp;+p]:mt-4 [&amp;_strong:has(+br)]:inline-block [&amp;_strong:has(+br)]:pb-2\"><strong>Professionsbacheloruddannelser<\/strong> \u2013 VIA uddanner fremtidens l\u00e6rere, p\u00e6dagoger, sygeplejersker, socialr\u00e5dgivere, ingeni\u00f8rer, bygningskonstrukt\u00f8rer, designere, fysioterapeuter og bioanalytikere. Uddannelserne kombinerer forskningsbaseret viden med obligatoriske praktikperioder, s\u00e5 kandidaterne er klar til at skabe reel forskel fra f\u00f8rste arbejdsdag<span class=\"inline-flex\" aria-label=\"Kontakter | VIA University College\" data-state=\"closed\">\u200b<\/span><\/p>\n<\/li>\n<li class=\"py-0 my-0 prose-p:pt-0 prose-p:mb-2 prose-p:my-0 [&amp;&gt;p]:pt-0 [&amp;&gt;p]:mb-2 [&amp;&gt;p]:my-0\">\n<p class=\"my-2 [&amp;+p]:mt-4 [&amp;_strong:has(+br)]:inline-block [&amp;_strong:has(+br)]:pb-2\"><strong>Akademi- og diplomuddannelser<\/strong> \u2013 Fleksible, modulopbyggede forl\u00f8b inden for ledelse, p\u00e6dagogik, sundhed, byggeri, teknik, offentlig administration og meget mere. Kan sammens\u00e6ttes og tilrettel\u00e6gges, s\u00e5 de passer ind i en travl hverdag<span class=\"inline-flex\" aria-label=\"Efteruddannelse hos VIA - Kom en tur med indenfor\" data-state=\"closed\">\u200b<\/span><\/p>\n<\/li>\n<li class=\"py-0 my-0 prose-p:pt-0 prose-p:mb-2 prose-p:my-0 [&amp;&gt;p]:pt-0 [&amp;&gt;p]:mb-2 [&amp;&gt;p]:my-0\">\n<p class=\"my-2 [&amp;+p]:mt-4 [&amp;_strong:has(+br)]:inline-block [&amp;_strong:has(+br)]:pb-2\"><strong>Skr\u00e6ddersyet virksomhedsrettet kompetenceudvikling<\/strong> \u2013 VIA samarbejder \u00e5rligt med en lang r\u00e6kke private virksomheder og offentlige organisationer om m\u00e5lrettede uddannelsesforl\u00f8b. Fra innovationsworkshops og strategisk sparring til fuld opkvalificering af hele medarbejdergrupper<\/p>\n<\/li>\n<li class=\"py-0 my-0 prose-p:pt-0 prose-p:mb-2 prose-p:my-0 [&amp;&gt;p]:pt-0 [&amp;&gt;p]:mb-2 [&amp;&gt;p]:my-0\">\n<p class=\"my-2 [&amp;+p]:mt-4 [&amp;_strong:has(+br)]:inline-block [&amp;_strong:has(+br)]:pb-2\"><strong>Kurser og konferencer<\/strong> \u2013 Fokuserede enkeltforl\u00f8b uden adgangskrav inden for fx ledelse, projektledelse, besk\u00e6ftigelse, socialfagligt arbejde og sundhed. Velegnet til den medarbejder, der hurtigt vil opdatere sine kompetencer<span class=\"inline-flex\" aria-label=\"Kursusforl\u00f8b - Find din efteruddannelse\" data-state=\"closed\">\u200b<\/span><\/p>\n<\/li>\n<li class=\"py-0 my-0 prose-p:pt-0 prose-p:mb-2 prose-p:my-0 [&amp;&gt;p]:pt-0 [&amp;&gt;p]:mb-2 [&amp;&gt;p]:my-0\">\n<p class=\"my-2 [&amp;+p]:mt-4 [&amp;_strong:has(+br)]:inline-block [&amp;_strong:has(+br)]:pb-2\"><strong>Forskning og udviklingssamarbejde<\/strong> \u2013 VIA bedriver praksisrettet forskning p\u00e5 tre overordnede forskningsomr\u00e5der: <strong>p\u00e6dagogik og dannelse<\/strong>, <strong>sundhed og samfund<\/strong> samt <strong>teknologi og erhverv<\/strong>. Virksomheder og kommuner kan indg\u00e5 i konkrete F&amp;U-projekter og samarbejder om innovation og implementering<span class=\"inline-flex\" aria-label=\"VIA University College\" data-state=\"closed\">\u200b<\/span><\/p>\n<\/li>\n<li class=\"py-0 my-0 prose-p:pt-0 prose-p:mb-2 prose-p:my-0 [&amp;&gt;p]:pt-0 [&amp;&gt;p]:mb-2 [&amp;&gt;p]:my-0\">\n<p class=\"my-2 [&amp;+p]:mt-4 [&amp;_strong:has(+br)]:inline-block [&amp;_strong:has(+br)]:pb-2\"><strong>Internationale uddannelser og studerende<\/strong> \u2013 Med <strong>3.500 internationale studerende<\/strong> fra hele verden og et bredt udbud af engelsksprogede programmer inden for erhverv, byggeri, design og teknik er VIA en attraktiv rekrutteringskanal for virksomheder med internationale ambitioner<span class=\"inline-flex\" aria-label=\"VIA University College\" data-state=\"closed\">\u200b<\/span><\/p>\n<\/li>\n<\/ul>\n<hr \/>\n<h3 id=\"geografi-og-projekter\" class=\"mb-2 mt-4 [.has-inline-images_&amp;]:clear-end font-editorial font-bold text-base first:mt-0\">Geografi og projekter<\/h3>\n<p class=\"my-2 [&amp;+p]:mt-4 [&amp;_strong:has(+br)]:inline-block [&amp;_strong:has(+br)]:pb-2\">VIA&#8217;s uddannelsesaktiviteter er forankret i <strong>11 byer i Region Midtjylland<\/strong> med campusser i Aarhus, Horsens, Randers, Silkeborg, Viborg, Herning og Holstebro, samt uddannelsesudbud i N\u00f8rre Nissum, Skive, Ikast og Grenaa. Det betyder, at VIA er den naturlige uddannelsespartner for enhver organisation, der opererer i den midtjyske region \u2013 fra store kommuner og hospitaler til mellemstore industrivirksomheder og v\u00e6kstorienterede startups.<span class=\"inline-flex\" aria-label=\"Kontakter | VIA University College\" data-state=\"closed\">\u200b<\/span><\/p>\n<p class=\"my-2 [&amp;+p]:mt-4 [&amp;_strong:has(+br)]:inline-block [&amp;_strong:has(+br)]:pb-2\">Typiske samarbejdspartnere t\u00e6ller:<\/p>\n<ul class=\"marker:text-quiet list-disc\">\n<li class=\"py-0 my-0 prose-p:pt-0 prose-p:mb-2 prose-p:my-0 [&amp;&gt;p]:pt-0 [&amp;&gt;p]:mb-2 [&amp;&gt;p]:my-0\">\n<p class=\"my-2 [&amp;+p]:mt-4 [&amp;_strong:has(+br)]:inline-block [&amp;_strong:has(+br)]:pb-2\"><strong>Kommuner og regionale institutioner<\/strong> der eftersp\u00f8rger nyuddannede l\u00e6rere, p\u00e6dagoger, sygeplejersker og socialr\u00e5dgivere<\/p>\n<\/li>\n<li class=\"py-0 my-0 prose-p:pt-0 prose-p:mb-2 prose-p:my-0 [&amp;&gt;p]:pt-0 [&amp;&gt;p]:mb-2 [&amp;&gt;p]:my-0\">\n<p class=\"my-2 [&amp;+p]:mt-4 [&amp;_strong:has(+br)]:inline-block [&amp;_strong:has(+br)]:pb-2\"><strong>Bygge- og anl\u00e6gsvirksomheder<\/strong> der rekrutterer ingeni\u00f8rer og bygningskonstrukt\u00f8rer med specialviden inden for b\u00e6redygtighed og konstruktion<\/p>\n<\/li>\n<li class=\"py-0 my-0 prose-p:pt-0 prose-p:mb-2 prose-p:my-0 [&amp;&gt;p]:pt-0 [&amp;&gt;p]:mb-2 [&amp;&gt;p]:my-0\">\n<p class=\"my-2 [&amp;+p]:mt-4 [&amp;_strong:has(+br)]:inline-block [&amp;_strong:has(+br)]:pb-2\"><strong>Private virksomheder<\/strong> der \u00f8nsker skr\u00e6ddersyet kompetenceudvikling til leder- og medarbejdergrupper<\/p>\n<\/li>\n<li class=\"py-0 my-0 prose-p:pt-0 prose-p:mb-2 prose-p:my-0 [&amp;&gt;p]:pt-0 [&amp;&gt;p]:mb-2 [&amp;&gt;p]:my-0\">\n<p class=\"my-2 [&amp;+p]:mt-4 [&amp;_strong:has(+br)]:inline-block [&amp;_strong:has(+br)]:pb-2\"><strong>Hospitaler og sundhedsorganisationer<\/strong> der har brug for professionsbachelorer inden for sygepleje, fysioterapi og bioanalyse<\/p>\n<\/li>\n<\/ul>\n<p class=\"my-2 [&amp;+p]:mt-4 [&amp;_strong:has(+br)]:inline-block [&amp;_strong:has(+br)]:pb-2\">Campus Viborg er desuden hjemsted for <strong>The Animation Workshop (TAW)<\/strong> \u2013 anset som en af verdens bedste animationsskoler \u2013 der blandt andet huser den anerkendte Viborg Animation Festival.<span class=\"inline-flex\" aria-label=\"VIA University College - Wikipedia\" data-state=\"closed\">\u200b<\/span><\/p>\n<hr \/>\n<h3 id=\"proces-og-kvalitet\" class=\"mb-2 mt-4 [.has-inline-images_&amp;]:clear-end font-editorial font-bold text-base first:mt-0\">Proces og kvalitet<\/h3>\n<p class=\"my-2 [&amp;+p]:mt-4 [&amp;_strong:has(+br)]:inline-block [&amp;_strong:has(+br)]:pb-2\">VIA&#8217;s styrke ligger i en dybt forankret <strong>vekselvirkning mellem teori og praksis<\/strong>. Alle uddannelser er designet ud fra princippet om, at ny viden skal kunne tages i brug fra dag \u00e9t \u2013 og underviserne kombinerer akademisk forskning med konkret brancheerfaring. Kvalitetsprocessen er struktureret og gennemg\u00e5ende:<span class=\"inline-flex\" aria-label=\"Efteruddannelse hos VIA - Kom en tur med indenfor\" data-state=\"closed\">\u200b<\/span><\/p>\n<ul class=\"marker:text-quiet list-disc\">\n<li class=\"py-0 my-0 prose-p:pt-0 prose-p:mb-2 prose-p:my-0 [&amp;&gt;p]:pt-0 [&amp;&gt;p]:mb-2 [&amp;&gt;p]:my-0\">\n<p class=\"my-2 [&amp;+p]:mt-4 [&amp;_strong:has(+br)]:inline-block [&amp;_strong:has(+br)]:pb-2\"><strong>Akkreditering og ekstern kvalitetssikring:<\/strong> VIA er institutionsakkrediteret og underlagt l\u00f8bende ekstern evaluering. VIA er desuden CIAT-akkrediteret og ERASMUS+-certificeret<span class=\"inline-flex\" aria-label=\"VIA University College\" data-state=\"closed\">\u200b<\/span><\/p>\n<\/li>\n<li class=\"py-0 my-0 prose-p:pt-0 prose-p:mb-2 prose-p:my-0 [&amp;&gt;p]:pt-0 [&amp;&gt;p]:mb-2 [&amp;&gt;p]:my-0\">\n<p class=\"my-2 [&amp;+p]:mt-4 [&amp;_strong:has(+br)]:inline-block [&amp;_strong:has(+br)]:pb-2\"><strong>Praksisintegration:<\/strong> Obligatoriske praktikperioder sikrer, at studerende udvikler professionel handlekraft og er klar til det virkelige arbejdsliv allerede inden dimission<span class=\"inline-flex\" aria-label=\"Kontakter | VIA University College\" data-state=\"closed\">\u200b<\/span><\/p>\n<\/li>\n<li class=\"py-0 my-0 prose-p:pt-0 prose-p:mb-2 prose-p:my-0 [&amp;&gt;p]:pt-0 [&amp;&gt;p]:mb-2 [&amp;&gt;p]:my-0\">\n<p class=\"my-2 [&amp;+p]:mt-4 [&amp;_strong:has(+br)]:inline-block [&amp;_strong:has(+br)]:pb-2\"><strong>Tilpasset kompetenceudvikling:<\/strong> Skr\u00e6ddersyede forl\u00f8b til virksomheder tager altid udgangspunkt i en grundig behovsafd\u00e6kning, der sikrer overensstemmelse mellem organisationens m\u00e5l og uddannelsesindhold<span class=\"inline-flex\" aria-label=\"Efteruddannelse hos VIA - Kom en tur med indenfor\" data-state=\"closed\">\u200b<\/span><\/p>\n<\/li>\n<li class=\"py-0 my-0 prose-p:pt-0 prose-p:mb-2 prose-p:my-0 [&amp;&gt;p]:pt-0 [&amp;&gt;p]:mb-2 [&amp;&gt;p]:my-0\">\n<p class=\"my-2 [&amp;+p]:mt-4 [&amp;_strong:has(+br)]:inline-block [&amp;_strong:has(+br)]:pb-2\"><strong>Praksisrettet forskning:<\/strong> VIA&#8217;s tre forskningsomr\u00e5der producerer kontinuerligt ny viden, der straks integreres i undervisningen og kan oms\u00e6ttes direkte til gavn for samarbejdspartnere og dimittender<span class=\"inline-flex\" aria-label=\"VIA University College\" data-state=\"closed\">\u200b<\/span><\/p>\n<\/li>\n<li class=\"py-0 my-0 prose-p:pt-0 prose-p:mb-2 prose-p:my-0 [&amp;&gt;p]:pt-0 [&amp;&gt;p]:mb-2 [&amp;&gt;p]:my-0\">\n<p class=\"my-2 [&amp;+p]:mt-4 [&amp;_strong:has(+br)]:inline-block [&amp;_strong:has(+br)]:pb-2\"><strong>Internationalt perspektiv og netv\u00e6rk:<\/strong> Samarbejde med europ\u00e6iske og globale universiteter og institutioner sikrer, at VIA&#8217;s uddannelser holder et konstant h\u00f8jt internationalt niveau<span class=\"inline-flex\" aria-label=\"VIA University College\" data-state=\"closed\">\u200b<\/span><\/p>\n<\/li>\n<\/ul>\n<hr \/>\n<h3 id=\"tag-nste-skridt--udfyld-kontaktformularen-nu\" class=\"mb-2 mt-4 [.has-inline-images_&amp;]:clear-end font-editorial font-bold text-base first:mt-0\">Tag n\u00e6ste skridt \u2013 udfyld kontaktformularen nu<\/h3>\n<p class=\"my-2 [&amp;+p]:mt-4 [&amp;_strong:has(+br)]:inline-block [&amp;_strong:has(+br)]:pb-2\"><strong>Udfyld kontaktformularen her p\u00e5 siden<\/strong> \u2013 og kom i direkte dialog med VIA University College om, hvordan vi kan l\u00f8se din organisations uddannelses- eller rekrutteringsbehov.<\/p>\n<p class=\"my-2 [&amp;+p]:mt-4 [&amp;_strong:has(+br)]:inline-block [&amp;_strong:has(+br)]:pb-2\">Er du HR-chef, institutionsleder, kommunaldirekt\u00f8r eller virksomhedsejer og \u00f8nsker at:<\/p>\n<ul class=\"marker:text-quiet list-disc\">\n<li class=\"py-0 my-0 prose-p:pt-0 prose-p:mb-2 prose-p:my-0 [&amp;&gt;p]:pt-0 [&amp;&gt;p]:mb-2 [&amp;&gt;p]:my-0\">\n<p class=\"my-2 [&amp;+p]:mt-4 [&amp;_strong:has(+br)]:inline-block [&amp;_strong:has(+br)]:pb-2\"><strong>Rekruttere professionsbachelorer<\/strong> inden for p\u00e6dagogik, sundhed, teknik eller erhverv direkte fra en af Midtjyllands st\u00e6rkeste professionsh\u00f8jskoler?<\/p>\n<\/li>\n<li class=\"py-0 my-0 prose-p:pt-0 prose-p:mb-2 prose-p:my-0 [&amp;&gt;p]:pt-0 [&amp;&gt;p]:mb-2 [&amp;&gt;p]:my-0\">\n<p class=\"my-2 [&amp;+p]:mt-4 [&amp;_strong:has(+br)]:inline-block [&amp;_strong:has(+br)]:pb-2\"><strong>L\u00f8fte dine medarbejderes kompetencer<\/strong> med en skr\u00e6ddersyet diploma- eller akademiuddannelse inden for ledelse, sundhed, byggeri eller offentlig administration?<\/p>\n<\/li>\n<li class=\"py-0 my-0 prose-p:pt-0 prose-p:mb-2 prose-p:my-0 [&amp;&gt;p]:pt-0 [&amp;&gt;p]:mb-2 [&amp;&gt;p]:my-0\">\n<p class=\"my-2 [&amp;+p]:mt-4 [&amp;_strong:has(+br)]:inline-block [&amp;_strong:has(+br)]:pb-2\"><strong>Etablere et forsknings- og udviklingssamarbejde<\/strong> med VIA, der kan accelerere din organisations innovation og implementering af ny viden?<\/p>\n<\/li>\n<\/ul>\n<p class=\"my-2 [&amp;+p]:mt-4 [&amp;_strong:has(+br)]:inline-block [&amp;_strong:has(+br)]:pb-2\">S\u00e5 er VIA University College det rette valg. <strong>Udfyld kontaktformularen nu<\/strong> og lad os finde den l\u00f8sning, der passer pr\u00e6cist til din organisation. Jo tidligere du tager kontakt, jo hurtigere kan vi tilrettel\u00e6gge det rette forl\u00f8b \u2013 og sikre, at du er klar til de n\u00e6ste krav og udfordringer i din branche. <strong>Udfyld formularen i dag<\/strong> \u2013 det er f\u00f8rste skridt mod et st\u00e6rkere hold.<\/p>\n<hr \/>\n<h3 id=\"kontaktinformation\" class=\"mb-2 mt-4 [.has-inline-images_&amp;]:clear-end font-editorial font-bold text-base first:mt-0\">Kontaktinformation<\/h3>\n<ul class=\"marker:text-quiet list-disc\">\n<li class=\"py-0 my-0 prose-p:pt-0 prose-p:mb-2 prose-p:my-0 [&amp;&gt;p]:pt-0 [&amp;&gt;p]:mb-2 [&amp;&gt;p]:my-0\">\n<p class=\"my-2 [&amp;+p]:mt-4 [&amp;_strong:has(+br)]:inline-block [&amp;_strong:has(+br)]:pb-2\"><strong>Navn:<\/strong> VIA University College<\/p>\n<\/li>\n<li class=\"py-0 my-0 prose-p:pt-0 prose-p:mb-2 prose-p:my-0 [&amp;&gt;p]:pt-0 [&amp;&gt;p]:mb-2 [&amp;&gt;p]:my-0\">\n<p class=\"my-2 [&amp;+p]:mt-4 [&amp;_strong:has(+br)]:inline-block [&amp;_strong:has(+br)]:pb-2\"><strong>Adresse:<\/strong> Hedeager 2, DK-8200 Aarhus N<span class=\"inline-flex\" aria-label=\"Questions? Contact VIA University College\" data-state=\"closed\">\u200b<\/span><\/p>\n<\/li>\n<li class=\"py-0 my-0 prose-p:pt-0 prose-p:mb-2 prose-p:my-0 [&amp;&gt;p]:pt-0 [&amp;&gt;p]:mb-2 [&amp;&gt;p]:my-0\">\n<p class=\"my-2 [&amp;+p]:mt-4 [&amp;_strong:has(+br)]:inline-block [&amp;_strong:has(+br)]:pb-2\"><strong>CVR-nr.:<\/strong> 30 77 30 47<span class=\"inline-flex\" aria-label=\"Questions? Contact VIA University College\" data-state=\"closed\">\u200b<\/span><\/p>\n<\/li>\n<\/ul>\n<h3 id=\"priseksempler--format-navn--beskrivelse--pris\" class=\"mb-2 mt-4 [.has-inline-images_&amp;]:clear-end font-editorial font-bold text-base first:mt-0\">Priseksempler \u2013 format: Navn | Beskrivelse | Pris<\/h3>\n<hr \/>\n<div class=\"group relative my-[1em]\">\n<div class=\"w-full overflow-auto rounded-lg md:max-w-[90vw] border-subtlest ring-subtlest divide-subtlest bg-raised dark:bg-offset\">\n<table class=\"my-0 w-full table-auto border-separate border-spacing-0 text-sm font-sans rounded-lg border-x border-t border-subtle [&amp;_tr:last-child_td:first-child]:rounded-bl-lg [&amp;_tr:last-child_td:last-child]:rounded-br-lg\">\n<thead class=\"\">\n<tr>\n<th class=\"border-subtle p-sm break-normal border-b text-left align-bottom border-r last:border-r-0 font-bold bg-subtler last:border-radius-tr-lg first:border-radius-tl-lg\">Ydelse<\/th>\n<th class=\"border-subtle p-sm break-normal border-b text-left align-bottom border-r last:border-r-0 font-bold bg-subtler last:border-radius-tr-lg first:border-radius-tl-lg\">Beskrivelse<\/th>\n<th class=\"border-subtle p-sm break-normal border-b text-left align-bottom border-r last:border-r-0 font-bold bg-subtler last:border-radius-tr-lg first:border-radius-tl-lg\">Pris<\/th>\n<\/tr>\n<\/thead>\n<tbody>\n<tr>\n<td class=\"px-sm border-subtle min-w-[48px] break-normal border-b border-r last:border-r-0 \">Professionsbacheloruddannelse<\/td>\n<td class=\"px-sm border-subtle min-w-[48px] break-normal border-b border-r last:border-r-0 \">Offentligt st\u00f8ttet grunduddannelse (fx sygeplejerske, l\u00e6rer, ingeni\u00f8r)<\/td>\n<td class=\"px-sm border-subtle min-w-[48px] break-normal border-b border-r last:border-r-0 \">Gratis for den studerende (SU-berettiget)<\/td>\n<\/tr>\n<tr>\n<td class=\"px-sm border-subtle min-w-[48px] break-normal border-b border-r last:border-r-0 \">Akademiuddannelse (AU)<\/td>\n<td class=\"px-sm border-subtle min-w-[48px] break-normal border-b border-r last:border-r-0 \">Modulopbygget deltidsuddannelse for erhvervsaktive<\/td>\n<td class=\"px-sm border-subtle min-w-[48px] break-normal border-b border-r last:border-r-0 \">Fra ca. 6.000\u201310.000 kr. pr. modul <span class=\"inline-flex\" aria-label=\"Send til en kollega\" data-state=\"closed\">\u200b<\/span><\/td>\n<\/tr>\n<tr>\n<td class=\"px-sm border-subtle min-w-[48px] break-normal border-b border-r last:border-r-0 \">Diplomuddannelse<\/td>\n<td class=\"px-sm border-subtle min-w-[48px] break-normal border-b border-r last:border-r-0 \">Videreg\u00e5ende voksenuddannelse, fx ledelse eller p\u00e6dagogik<\/td>\n<td class=\"px-sm border-subtle min-w-[48px] break-normal border-b border-r last:border-r-0 \">Fra ca. 8.000\u201314.000 kr. pr. modul <span class=\"inline-flex\" aria-label=\"Send til en kollega\" data-state=\"closed\">\u200b<\/span><\/td>\n<\/tr>\n<tr>\n<td class=\"px-sm border-subtle min-w-[48px] break-normal border-b border-r last:border-r-0 \">Enkeltmodul\/kursus<\/td>\n<td class=\"px-sm border-subtle min-w-[48px] break-normal border-b border-r last:border-r-0 \">Fokuseret kompetenceudvikling uden adgangskrav<\/td>\n<td class=\"px-sm border-subtle min-w-[48px] break-normal border-b border-r last:border-r-0 \">Fra ca. 2.000\u20136.000 kr. pr. kursus <span class=\"inline-flex\" aria-label=\"Send til en kollega\" data-state=\"closed\">\u200b<\/span><\/td>\n<\/tr>\n<tr>\n<td class=\"px-sm border-subtle min-w-[48px] break-normal border-b border-r last:border-r-0 \">Skr\u00e6ddersyet virksomhedsforl\u00f8b<\/td>\n<td class=\"px-sm border-subtle min-w-[48px] break-normal border-b border-r last:border-r-0 \">Tilpasset kompetenceudvikling for hele medarbejdergrupper<\/td>\n<td class=\"px-sm border-subtle min-w-[48px] break-normal border-b border-r last:border-r-0 \">Prisfastsat efter omfang og behov \u2013 kontakt VIA<\/td>\n<\/tr>\n<\/tbody>\n<\/table>\n<\/div>\n<div class=\"bg-base border-subtle shadow-subtle pointer-coarse:opacity-100 right-xs absolute bottom-xs flex rounded-md border opacity-0 transition-opacity group-hover:opacity-100 [&amp;&gt;*:not(:first-child)]:border-subtle [&amp;&gt;*:not(:first-child)]:border-l\">\n<div class=\"flex\">\u00a0<\/div>\n<div class=\"flex\">\u00a0<\/div>\n<div class=\"flex\">\u00a0<\/div>\n<\/div>\n<\/div>\n<hr \/>\n<p class=\"my-2 [&amp;+p]:mt-4 [&amp;_strong:has(+br)]:inline-block [&amp;_strong:has(+br)]:pb-2\">\u00a0<\/p>\n<\/div>\n<\/div>\n\n\n<p><\/p>\n","protected":false},"author":1,"featured_media":2955,"comment_status":"open","ping_status":"closed","template":"","meta":[],"listing_category":[77,111,107],"event_category":[],"service_category":[],"rental_category":[],"classifieds_category":[],"listing_feature":[],"region":[93],"class_list":["post-2954","listing","type-listing","status-publish","has-post-thumbnail","hentry","listing_category-bygningskonstruktoer","listing_category-skole-universitet-akademi","listing_category-viden-center","region-jylland"],"_links":{"self":[{"href":"https:\/\/ejendom.me\/en\/wp-json\/wp\/v2\/listing\/2954","targetHints":{"allow":["GET"]}}],"collection":[{"href":"https:\/\/ejendom.me\/en\/wp-json\/wp\/v2\/listing"}],"about":[{"href":"https:\/\/ejendom.me\/en\/wp-json\/wp\/v2\/types\/listing"}],"author":[{"embeddable":true,"href":"https:\/\/ejendom.me\/en\/wp-json\/wp\/v2\/users\/1"}],"replies":[{"embeddable":true,"href":"https:\/\/ejendom.me\/en\/wp-json\/wp\/v2\/comments?post=2954"}],"wp:featuredmedia":[{"embeddable":true,"href":"https:\/\/ejendom.me\/en\/wp-json\/wp\/v2\/media\/2955"}],"wp:attachment":[{"href":"https:\/\/ejendom.me\/en\/wp-json\/wp\/v2\/media?parent=2954"}],"wp:term":[{"taxonomy":"listing_category","embeddable":true,"href":"https:\/\/ejendom.me\/en\/wp-json\/wp\/v2\/listing_category?post=2954"},{"taxonomy":"event_category","embeddable":true,"href":"https:\/\/ejendom.me\/en\/wp-json\/wp\/v2\/event_category?post=2954"},{"taxonomy":"service_category","embeddable":true,"href":"https:\/\/ejendom.me\/en\/wp-json\/wp\/v2\/service_category?post=2954"},{"taxonomy":"rental_category","embeddable":true,"href":"https:\/\/ejendom.me\/en\/wp-json\/wp\/v2\/rental_category?post=2954"},{"taxonomy":"classifieds_category","embeddable":true,"href":"https:\/\/ejendom.me\/en\/wp-json\/wp\/v2\/classifieds_category?post=2954"},{"taxonomy":"listing_feature","embeddable":true,"href":"https:\/\/ejendom.me\/en\/wp-json\/wp\/v2\/listing_feature?post=2954"},{"taxonomy":"region","embeddable":true,"href":"https:\/\/ejendom.me\/en\/wp-json\/wp\/v2\/region?post=2954"}],"curies":[{"name":"wp","href":"https:\/\/api.w.org\/{rel}","templated":true}]}}